{"id":769,"date":"2016-09-27T09:58:07","date_gmt":"2016-09-27T09:58:07","guid":{"rendered":"http:\/\/josegiribas.com\/?page_id=769"},"modified":"2018-09-14T12:37:19","modified_gmt":"2018-09-14T12:37:19","slug":"fine-art","status":"publish","type":"page","link":"https:\/\/josegiribas.com\/es\/fine-art\/","title":{"rendered":"Fine Art Photography"},"content":{"rendered":"<hr \/>\n<style type=\"text\/css\">\n#foogallery-gallery-689 .fg-image { width: 150px; }\n#foogallery-gallery-689 { --fg-gutter: 10px; }<\/style>\n\t\t\t<div class=\"foogallery foogallery-container foogallery-default foogallery-lightbox-foobox-free fg-center fg-default fg-ready fg-light fg-border-thin fg-shadow-small fg-loading-default fg-loaded-fade-in fg-hover-fade fg-hover-zoom\" id=\"foogallery-gallery-689\" data-foogallery=\"{&quot;item&quot;:{&quot;showCaptionTitle&quot;:true,&quot;showCaptionDescription&quot;:false},&quot;lazy&quot;:true}\" style=\"--fg-title-line-clamp: 0; --fg-description-line-clamp: 0;\" >\n\t<div class=\"fg-item fg-type-image fg-idle\"><figure class=\"fg-item-inner\"><a href=\"https:\/\/josegiribas.com\/wp-content\/uploads\/2016\/09\/JGMM16040161-1.jpg\" data-caption-title=\"Diskussion- und Filmabend zum Thema &quot;Colonia Dignidad&quot; im Ausw\u00e4rtigen Amt in Berlin am 26.04.2016.\r\nAm Rednerpult: Dr. jur. Frank-Walter Steinmeier (SPD), Bundesminister des Ausw\u00e4rtigen.\" data-attachment-id=\"699\" data-type=\"image\" class=\"fg-thumb\"><span class=\"fg-image-wrap\"><img decoding=\"async\" title=\"Diskussion- und Filmabend zum Thema &quot;Colonia Dignidad&quot; im Ausw\u00e4rtigen Amt in Berlin am 26.04.2016.\r\nAm Rednerpult: Dr. jur. Frank-Walter Steinmeier (SPD), Bundesminister des Ausw\u00e4rtigen.\" width=\"150\" height=\"150\" class=\"skip-lazy fg-image\" data-src-fg=\"https:\/\/josegiribas.com\/wp-content\/uploads\/cache\/2016\/09\/JGMM16040161-1\/2003985853.jpg\" src=\"data:image\/svg+xml,%3Csvg%20xmlns%3D%22http%3A%2F%2Fwww.w3.org%2F2000%2Fsvg%22%20width%3D%22150%22%20height%3D%22150%22%20viewBox%3D%220%200%20150%20150%22%3E%3C%2Fsvg%3E\" loading=\"eager\"><\/span><span class=\"fg-image-overlay\"><\/span><\/a><figcaption class=\"fg-caption\"><div class=\"fg-caption-inner\"><div class=\"fg-caption-title\">Diskussion- und Filmabend zum Thema \"Colonia Dignidad\" im Ausw\u00e4rtigen Amt in Berlin am 26.04.2016.\r\nAm Rednerpult: Dr. jur. Frank-Walter Steinmeier (SPD), Bundesminister des Ausw\u00e4rtigen.<\/div><\/div><\/figcaption><\/figure><div class=\"fg-loader\"><\/div><\/div><div class=\"fg-item fg-type-image fg-idle\"><figure class=\"fg-item-inner\"><a href=\"https:\/\/josegiribas.com\/wp-content\/uploads\/2016\/09\/JGMM15100648-1.jpg\" data-caption-title=\"Harley-Davidson Motorrad in Seoul, Korea am 13.10.2015.\" data-attachment-id=\"698\" data-type=\"image\" class=\"fg-thumb\"><span class=\"fg-image-wrap\"><img decoding=\"async\" title=\"Harley-Davidson Motorrad in Seoul, Korea am 13.10.2015.\" width=\"150\" height=\"150\" class=\"skip-lazy fg-image\" data-src-fg=\"https:\/\/josegiribas.com\/wp-content\/uploads\/cache\/2016\/09\/JGMM15100648-1\/2992096729.jpg\" src=\"data:image\/svg+xml,%3Csvg%20xmlns%3D%22http%3A%2F%2Fwww.w3.org%2F2000%2Fsvg%22%20width%3D%22150%22%20height%3D%22150%22%20viewBox%3D%220%200%20150%20150%22%3E%3C%2Fsvg%3E\" loading=\"eager\"><\/span><span class=\"fg-image-overlay\"><\/span><\/a><figcaption class=\"fg-caption\"><div class=\"fg-caption-inner\"><div class=\"fg-caption-title\">Harley-Davidson Motorrad in Seoul, Korea am 13.10.2015.<\/div><\/div><\/figcaption><\/figure><div class=\"fg-loader\"><\/div><\/div><div class=\"fg-item fg-type-image fg-idle\"><figure class=\"fg-item-inner\"><a href=\"https:\/\/josegiribas.com\/wp-content\/uploads\/2016\/09\/JGMM15070368-1.jpg\" data-caption-title=\"Arbeiter im Dampflokwerk Meiningen am 07.07.2015.\" data-attachment-id=\"697\" data-type=\"image\" class=\"fg-thumb\"><span class=\"fg-image-wrap\"><img decoding=\"async\" title=\"Arbeiter im Dampflokwerk Meiningen am 07.07.2015.\" width=\"150\" height=\"150\" class=\"skip-lazy fg-image\" data-src-fg=\"https:\/\/josegiribas.com\/wp-content\/uploads\/cache\/2016\/09\/JGMM15070368-1\/4096925579.jpg\" src=\"data:image\/svg+xml,%3Csvg%20xmlns%3D%22http%3A%2F%2Fwww.w3.org%2F2000%2Fsvg%22%20width%3D%22150%22%20height%3D%22150%22%20viewBox%3D%220%200%20150%20150%22%3E%3C%2Fsvg%3E\" loading=\"eager\"><\/span><span class=\"fg-image-overlay\"><\/span><\/a><figcaption class=\"fg-caption\"><div class=\"fg-caption-inner\"><div class=\"fg-caption-title\">Arbeiter im Dampflokwerk Meiningen am 07.07.2015.<\/div><\/div><\/figcaption><\/figure><div class=\"fg-loader\"><\/div><\/div><div class=\"fg-item fg-type-image fg-idle\"><figure class=\"fg-item-inner\"><a href=\"https:\/\/josegiribas.com\/wp-content\/uploads\/2016\/09\/JGMM15040248-1.jpg\" data-caption-title=\"Gedenkveranstaltung zum 70. Jahrestag der Befreiung des KZ Sachsenhausen am 19.04.2015 in Oranienburg.\r\n\u00dcberlebende.\" data-attachment-id=\"696\" data-type=\"image\" class=\"fg-thumb\"><span class=\"fg-image-wrap\"><img decoding=\"async\" title=\"Gedenkveranstaltung zum 70. Jahrestag der Befreiung des KZ Sachsenhausen am 19.04.2015 in Oranienburg.\r\n\u00dcberlebende.\" width=\"150\" height=\"150\" class=\"skip-lazy fg-image\" data-src-fg=\"https:\/\/josegiribas.com\/wp-content\/uploads\/cache\/2016\/09\/JGMM15040248-1\/3619812383.jpg\" src=\"data:image\/svg+xml,%3Csvg%20xmlns%3D%22http%3A%2F%2Fwww.w3.org%2F2000%2Fsvg%22%20width%3D%22150%22%20height%3D%22150%22%20viewBox%3D%220%200%20150%20150%22%3E%3C%2Fsvg%3E\" loading=\"eager\"><\/span><span class=\"fg-image-overlay\"><\/span><\/a><figcaption class=\"fg-caption\"><div class=\"fg-caption-inner\"><div class=\"fg-caption-title\">Gedenkveranstaltung zum 70. Jahrestag der Befreiung des KZ Sachsenhausen am 19.04.2015 in Oranienburg.\r\n\u00dcberlebende.<\/div><\/div><\/figcaption><\/figure><div class=\"fg-loader\"><\/div><\/div><div class=\"fg-item fg-type-image fg-idle\"><figure class=\"fg-item-inner\"><a href=\"https:\/\/josegiribas.com\/wp-content\/uploads\/2016\/09\/JGMM15010017-1.jpg\" data-caption-title=\"Der Deutsche Brunnen in Istanbul, Tuerkei am 01.01.2015.\rDer Brunnen wurde im Jahre 1900 im Andenken an den Besuch des deutschen Kaisers Wilhelm II. in Istanbul im Jahre 1898 errichtet.\" data-attachment-id=\"695\" data-type=\"image\" class=\"fg-thumb\"><span class=\"fg-image-wrap\"><img decoding=\"async\" title=\"Der Deutsche Brunnen in Istanbul, Tuerkei am 01.01.2015.\rDer Brunnen wurde im Jahre 1900 im Andenken an den Besuch des deutschen Kaisers Wilhelm II. in Istanbul im Jahre 1898 errichtet.\" width=\"150\" height=\"150\" class=\"skip-lazy fg-image\" data-src-fg=\"https:\/\/josegiribas.com\/wp-content\/uploads\/cache\/2016\/09\/JGMM15010017-1\/1083816256.jpg\" src=\"data:image\/svg+xml,%3Csvg%20xmlns%3D%22http%3A%2F%2Fwww.w3.org%2F2000%2Fsvg%22%20width%3D%22150%22%20height%3D%22150%22%20viewBox%3D%220%200%20150%20150%22%3E%3C%2Fsvg%3E\" loading=\"eager\"><\/span><span class=\"fg-image-overlay\"><\/span><\/a><figcaption class=\"fg-caption\"><div class=\"fg-caption-inner\"><div class=\"fg-caption-title\">Der Deutsche Brunnen in Istanbul, Tuerkei am 01.01.2015.\rDer Brunnen wurde im Jahre 1900 im Andenken an den Besuch des deutschen Kaisers Wilhelm II. in Istanbul im Jahre 1898 errichtet.<\/div><\/div><\/figcaption><\/figure><div class=\"fg-loader\"><\/div><\/div><div class=\"fg-item fg-type-image fg-idle\"><figure class=\"fg-item-inner\"><a href=\"https:\/\/josegiribas.com\/wp-content\/uploads\/2016\/09\/JGMM14120053-1.jpg\" data-caption-title=\"\u00dcbersicht von Viertel Karakoey bis zum Galata Br\u00fccke in Istanbul, Tuerkei am 28.12.2014.\" data-attachment-id=\"694\" data-type=\"image\" class=\"fg-thumb\"><span class=\"fg-image-wrap\"><img decoding=\"async\" title=\"\u00dcbersicht von Viertel Karakoey bis zum Galata Br\u00fccke in Istanbul, Tuerkei am 28.12.2014.\" width=\"150\" height=\"150\" class=\"skip-lazy fg-image\" data-src-fg=\"https:\/\/josegiribas.com\/wp-content\/uploads\/cache\/2016\/09\/JGMM14120053-1\/235028219.jpg\" src=\"data:image\/svg+xml,%3Csvg%20xmlns%3D%22http%3A%2F%2Fwww.w3.org%2F2000%2Fsvg%22%20width%3D%22150%22%20height%3D%22150%22%20viewBox%3D%220%200%20150%20150%22%3E%3C%2Fsvg%3E\" loading=\"eager\"><\/span><span class=\"fg-image-overlay\"><\/span><\/a><figcaption class=\"fg-caption\"><div class=\"fg-caption-inner\"><div class=\"fg-caption-title\">\u00dcbersicht von Viertel Karakoey bis zum Galata Br\u00fccke in Istanbul, Tuerkei am 28.12.2014.<\/div><\/div><\/figcaption><\/figure><div class=\"fg-loader\"><\/div><\/div><div class=\"fg-item fg-type-image fg-idle\"><figure class=\"fg-item-inner\"><a href=\"https:\/\/josegiribas.com\/wp-content\/uploads\/2016\/09\/JGMM14050114-1.jpg\" data-caption-title=\"Beelitzer-Heilst\u00e4tten am 04.05.2014\r\nDie zwischen 1898 und 1930 von der Landesversicherungsanstalt Berlin errichteten Arbeiter-Lungenheilst\u00e4tten Beelitz-Heilst\u00e4tten bilden einen der gr\u00f6\u00dften Krankenhauskomplexe im Berliner Umland. Es ist ein denkmalgesch\u00fctztes Ensemble von 60 Geb\u00e4uden auf einer Gesamtfl\u00e4che von ca. 200 ha.\" data-attachment-id=\"693\" data-type=\"image\" class=\"fg-thumb\"><span class=\"fg-image-wrap\"><img decoding=\"async\" title=\"Beelitzer-Heilst\u00e4tten am 04.05.2014\r\nDie zwischen 1898 und 1930 von der Landesversicherungsanstalt Berlin errichteten Arbeiter-Lungenheilst\u00e4tten Beelitz-Heilst\u00e4tten bilden einen der gr\u00f6\u00dften Krankenhauskomplexe im Berliner Umland. Es ist ein denkmalgesch\u00fctztes Ensemble von 60 Geb\u00e4uden auf einer Gesamtfl\u00e4che von ca. 200 ha.\" width=\"150\" height=\"150\" class=\"skip-lazy fg-image\" data-src-fg=\"https:\/\/josegiribas.com\/wp-content\/uploads\/cache\/2016\/09\/JGMM14050114-1\/2029503586.jpg\" src=\"data:image\/svg+xml,%3Csvg%20xmlns%3D%22http%3A%2F%2Fwww.w3.org%2F2000%2Fsvg%22%20width%3D%22150%22%20height%3D%22150%22%20viewBox%3D%220%200%20150%20150%22%3E%3C%2Fsvg%3E\" loading=\"eager\"><\/span><span class=\"fg-image-overlay\"><\/span><\/a><figcaption class=\"fg-caption\"><div class=\"fg-caption-inner\"><div class=\"fg-caption-title\">Beelitzer-Heilst\u00e4tten am 04.05.2014\r\nDie zwischen 1898 und 1930 von der Landesversicherungsanstalt Berlin errichteten Arbeiter-Lungenheilst\u00e4tten Beelitz-Heilst\u00e4tten bilden einen der gr\u00f6\u00dften Krankenhauskomplexe im Berliner Umland. Es ist ein denkmalgesch\u00fctztes Ensemble von 60 Geb\u00e4uden auf einer Gesamtfl\u00e4che von ca. 200 ha.<\/div><\/div><\/figcaption><\/figure><div class=\"fg-loader\"><\/div><\/div><div class=\"fg-item fg-type-image fg-idle\"><figure class=\"fg-item-inner\"><a href=\"https:\/\/josegiribas.com\/wp-content\/uploads\/2016\/09\/JGMM14050082-1.jpg\" data-caption-title=\"Beelitzer-Heilst\u00e4tten am 04.05.2014\r\nDie zwischen 1898 und 1930 von der Landesversicherungsanstalt Berlin errichteten Arbeiter-Lungenheilst\u00e4tten Beelitz-Heilst\u00e4tten bilden einen der gr\u00f6\u00dften Krankenhauskomplexe im Berliner Umland. Es ist ein denkmalgesch\u00fctztes Ensemble von 60 Geb\u00e4uden auf einer Gesamtfl\u00e4che von ca. 200 ha.\" data-attachment-id=\"692\" data-type=\"image\" class=\"fg-thumb\"><span class=\"fg-image-wrap\"><img decoding=\"async\" title=\"Beelitzer-Heilst\u00e4tten am 04.05.2014\r\nDie zwischen 1898 und 1930 von der Landesversicherungsanstalt Berlin errichteten Arbeiter-Lungenheilst\u00e4tten Beelitz-Heilst\u00e4tten bilden einen der gr\u00f6\u00dften Krankenhauskomplexe im Berliner Umland. Es ist ein denkmalgesch\u00fctztes Ensemble von 60 Geb\u00e4uden auf einer Gesamtfl\u00e4che von ca. 200 ha.\" width=\"150\" height=\"150\" class=\"skip-lazy fg-image\" data-src-fg=\"https:\/\/josegiribas.com\/wp-content\/uploads\/cache\/2016\/09\/JGMM14050082-1\/156957998.jpg\" src=\"data:image\/svg+xml,%3Csvg%20xmlns%3D%22http%3A%2F%2Fwww.w3.org%2F2000%2Fsvg%22%20width%3D%22150%22%20height%3D%22150%22%20viewBox%3D%220%200%20150%20150%22%3E%3C%2Fsvg%3E\" loading=\"eager\"><\/span><span class=\"fg-image-overlay\"><\/span><\/a><figcaption class=\"fg-caption\"><div class=\"fg-caption-inner\"><div class=\"fg-caption-title\">Beelitzer-Heilst\u00e4tten am 04.05.2014\r\nDie zwischen 1898 und 1930 von der Landesversicherungsanstalt Berlin errichteten Arbeiter-Lungenheilst\u00e4tten Beelitz-Heilst\u00e4tten bilden einen der gr\u00f6\u00dften Krankenhauskomplexe im Berliner Umland. Es ist ein denkmalgesch\u00fctztes Ensemble von 60 Geb\u00e4uden auf einer Gesamtfl\u00e4che von ca. 200 ha.<\/div><\/div><\/figcaption><\/figure><div class=\"fg-loader\"><\/div><\/div><div class=\"fg-item fg-type-image fg-idle\"><figure class=\"fg-item-inner\"><a href=\"https:\/\/josegiribas.com\/wp-content\/uploads\/2016\/09\/JGMM14020178-1.jpg\" data-caption-title=\"Baum in einem Park in New Delhi, Indien am 05.02.2014.\" data-attachment-id=\"691\" data-type=\"image\" class=\"fg-thumb\"><span class=\"fg-image-wrap\"><img decoding=\"async\" title=\"Baum in einem Park in New Delhi, Indien am 05.02.2014.\" width=\"150\" height=\"150\" class=\"skip-lazy fg-image\" data-src-fg=\"https:\/\/josegiribas.com\/wp-content\/uploads\/cache\/2016\/09\/JGMM14020178-1\/208942572.jpg\" src=\"data:image\/svg+xml,%3Csvg%20xmlns%3D%22http%3A%2F%2Fwww.w3.org%2F2000%2Fsvg%22%20width%3D%22150%22%20height%3D%22150%22%20viewBox%3D%220%200%20150%20150%22%3E%3C%2Fsvg%3E\" loading=\"eager\"><\/span><span class=\"fg-image-overlay\"><\/span><\/a><figcaption class=\"fg-caption\"><div class=\"fg-caption-inner\"><div class=\"fg-caption-title\">Baum in einem Park in New Delhi, Indien am 05.02.2014.<\/div><\/div><\/figcaption><\/figure><div class=\"fg-loader\"><\/div><\/div><div class=\"fg-item fg-type-image fg-idle\"><figure class=\"fg-item-inner\"><a href=\"https:\/\/josegiribas.com\/wp-content\/uploads\/2016\/09\/JGMM14010198-1.jpg\" data-caption-title=\"Besuch von John Kerry, Au\u00dfenminister der USA im Flughafen Tegel in Berlin am 31.01.2014.\r\nKulisse fuer das Bilaterale Gespr\u00e4ch.\" data-attachment-id=\"690\" data-type=\"image\" class=\"fg-thumb\"><span class=\"fg-image-wrap\"><img decoding=\"async\" title=\"Besuch von John Kerry, Au\u00dfenminister der USA im Flughafen Tegel in Berlin am 31.01.2014.\r\nKulisse fuer das Bilaterale Gespr\u00e4ch.\" width=\"150\" height=\"150\" class=\"skip-lazy fg-image\" data-src-fg=\"https:\/\/josegiribas.com\/wp-content\/uploads\/cache\/2016\/09\/JGMM14010198-1\/3191341264.jpg\" src=\"data:image\/svg+xml,%3Csvg%20xmlns%3D%22http%3A%2F%2Fwww.w3.org%2F2000%2Fsvg%22%20width%3D%22150%22%20height%3D%22150%22%20viewBox%3D%220%200%20150%20150%22%3E%3C%2Fsvg%3E\" loading=\"eager\"><\/span><span class=\"fg-image-overlay\"><\/span><\/a><figcaption class=\"fg-caption\"><div class=\"fg-caption-inner\"><div class=\"fg-caption-title\">Besuch von John Kerry, Au\u00dfenminister der USA im Flughafen Tegel in Berlin am 31.01.2014.\r\nKulisse fuer das Bilaterale Gespr\u00e4ch.<\/div><\/div><\/figcaption><\/figure><div class=\"fg-loader\"><\/div><\/div><div class=\"fg-item fg-type-image fg-idle\"><figure class=\"fg-item-inner\"><a href=\"https:\/\/josegiribas.com\/wp-content\/uploads\/2016\/09\/JGMM14110168-e1489677587318.jpg\" data-caption-title=\"Bucht Portales (Caleta Portales) in Valparaiso, Chile am 05.11.2014.\nPelikane.\" data-attachment-id=\"345\" data-type=\"image\" class=\"fg-thumb\"><span class=\"fg-image-wrap\"><img decoding=\"async\" title=\"Bucht Portales (Caleta Portales) in Valparaiso, Chile am 05.11.2014.\nPelikane.\" width=\"150\" height=\"150\" class=\"skip-lazy fg-image\" data-src-fg=\"https:\/\/josegiribas.com\/wp-content\/uploads\/cache\/2016\/09\/JGMM14110168-e1489677587318\/986830159.jpg\" src=\"data:image\/svg+xml,%3Csvg%20xmlns%3D%22http%3A%2F%2Fwww.w3.org%2F2000%2Fsvg%22%20width%3D%22150%22%20height%3D%22150%22%20viewBox%3D%220%200%20150%20150%22%3E%3C%2Fsvg%3E\" loading=\"eager\"><\/span><span class=\"fg-image-overlay\"><\/span><\/a><figcaption class=\"fg-caption\"><div class=\"fg-caption-inner\"><div class=\"fg-caption-title\">Bucht Portales (Caleta Portales) in Valparaiso, Chile am 05.11.2014.\nPelikane.<\/div><\/div><\/figcaption><\/figure><div class=\"fg-loader\"><\/div><\/div><div class=\"fg-item fg-type-image fg-idle\"><figure class=\"fg-item-inner\"><a href=\"https:\/\/josegiribas.com\/wp-content\/uploads\/2016\/09\/JG00901461-1.jpg\" data-caption-title=\"Demonstration zum  Gedenken an die Pogromnacht von 09.11.1938 vor dem J\u00fcdische Gemeindezentrum in der Fassanen Str. in Berlin am 08.11.1988.\nWilly Brandt, Bundeskanzler a.D.\" data-attachment-id=\"539\" data-type=\"image\" class=\"fg-thumb\"><span class=\"fg-image-wrap\"><img decoding=\"async\" title=\"Demonstration zum  Gedenken an die Pogromnacht von 09.11.1938 vor dem J\u00fcdische Gemeindezentrum in der Fassanen Str. in Berlin am 08.11.1988.\nWilly Brandt, Bundeskanzler a.D.\" width=\"150\" height=\"150\" class=\"skip-lazy fg-image\" data-src-fg=\"https:\/\/josegiribas.com\/wp-content\/uploads\/cache\/2016\/09\/JG00901461-1\/3709287084.jpg\" src=\"data:image\/svg+xml,%3Csvg%20xmlns%3D%22http%3A%2F%2Fwww.w3.org%2F2000%2Fsvg%22%20width%3D%22150%22%20height%3D%22150%22%20viewBox%3D%220%200%20150%20150%22%3E%3C%2Fsvg%3E\" loading=\"eager\"><\/span><span class=\"fg-image-overlay\"><\/span><\/a><figcaption class=\"fg-caption\"><div class=\"fg-caption-inner\"><div class=\"fg-caption-title\">Demonstration zum  Gedenken an die Pogromnacht von 09.11.1938 vor dem J\u00fcdische Gemeindezentrum in der Fassanen Str. in Berlin am 08.11.1988.\nWilly Brandt, Bundeskanzler a.D.<\/div><\/div><\/figcaption><\/figure><div class=\"fg-loader\"><\/div><\/div><div class=\"fg-item fg-type-image fg-idle\"><figure class=\"fg-item-inner\"><a href=\"https:\/\/josegiribas.com\/wp-content\/uploads\/2016\/09\/JGMM15050090-1.jpg\" data-caption-title=\"Manolis Glezos, griechischer Politiker, Autor, Journalist und Mitglied des Europaparlaments fuer die Partei Syriza. In Berlin am 06.05.2015.\nManolis Glezos war im griechischen Widerstand aktiv, am 30. Mai 1941 erklomm er die Akropolis und riss die dort seit der deutschen Einnahme von Athen am 27. April 1941 gehisste Hakenkreuzfahne herunter.\" data-attachment-id=\"544\" data-type=\"image\" class=\"fg-thumb\"><span class=\"fg-image-wrap\"><img decoding=\"async\" title=\"Manolis Glezos, griechischer Politiker, Autor, Journalist und Mitglied des Europaparlaments fuer die Partei Syriza. In Berlin am 06.05.2015.\nManolis Glezos war im griechischen Widerstand aktiv, am 30. Mai 1941 erklomm er die Akropolis und riss die dort seit der deutschen Einnahme von Athen am 27. April 1941 gehisste Hakenkreuzfahne herunter.\" width=\"150\" height=\"150\" class=\"skip-lazy fg-image\" data-src-fg=\"https:\/\/josegiribas.com\/wp-content\/uploads\/cache\/2016\/09\/JGMM15050090-1\/1774180959.jpg\" src=\"data:image\/svg+xml,%3Csvg%20xmlns%3D%22http%3A%2F%2Fwww.w3.org%2F2000%2Fsvg%22%20width%3D%22150%22%20height%3D%22150%22%20viewBox%3D%220%200%20150%20150%22%3E%3C%2Fsvg%3E\" loading=\"eager\"><\/span><span class=\"fg-image-overlay\"><\/span><\/a><figcaption class=\"fg-caption\"><div class=\"fg-caption-inner\"><div class=\"fg-caption-title\">Manolis Glezos, griechischer Politiker, Autor, Journalist und Mitglied des Europaparlaments fuer die Partei Syriza. In Berlin am 06.05.2015.\nManolis Glezos war im griechischen Widerstand aktiv, am 30. Mai 1941 erklomm er die Akropolis und riss die dort seit der deutschen Einnahme von Athen am 27. April 1941 gehisste Hakenkreuzfahne herunter.<\/div><\/div><\/figcaption><\/figure><div class=\"fg-loader\"><\/div><\/div><div class=\"fg-item fg-type-image fg-idle\"><figure class=\"fg-item-inner\"><a href=\"https:\/\/josegiribas.com\/wp-content\/uploads\/2016\/09\/JGMM16060592-1.jpg\" data-caption-title=\"Jos\u00e9 Alberto M\u00fajica Cordano, Senator und ehemaliger Pr\u00e4sident der Republik Uruguay w\u00e4hrend eine Pause (Er trink der traditionalen Mate-Tee) am 23.06.2016 in Berlin.\" data-attachment-id=\"545\" data-type=\"image\" class=\"fg-thumb\"><span class=\"fg-image-wrap\"><img decoding=\"async\" title=\"Jos\u00e9 Alberto M\u00fajica Cordano, Senator und ehemaliger Pr\u00e4sident der Republik Uruguay w\u00e4hrend eine Pause (Er trink der traditionalen Mate-Tee) am 23.06.2016 in Berlin.\" width=\"150\" height=\"150\" class=\"skip-lazy fg-image\" data-src-fg=\"https:\/\/josegiribas.com\/wp-content\/uploads\/cache\/2016\/09\/JGMM16060592-1\/1008457658.jpg\" src=\"data:image\/svg+xml,%3Csvg%20xmlns%3D%22http%3A%2F%2Fwww.w3.org%2F2000%2Fsvg%22%20width%3D%22150%22%20height%3D%22150%22%20viewBox%3D%220%200%20150%20150%22%3E%3C%2Fsvg%3E\" loading=\"eager\"><\/span><span class=\"fg-image-overlay\"><\/span><\/a><figcaption class=\"fg-caption\"><div class=\"fg-caption-inner\"><div class=\"fg-caption-title\">Jos\u00e9 Alberto M\u00fajica Cordano, Senator und ehemaliger Pr\u00e4sident der Republik Uruguay w\u00e4hrend eine Pause (Er trink der traditionalen Mate-Tee) am 23.06.2016 in Berlin.<\/div><\/div><\/figcaption><\/figure><div class=\"fg-loader\"><\/div><\/div><div class=\"fg-item fg-type-image fg-idle\"><figure class=\"fg-item-inner\"><a href=\"https:\/\/josegiribas.com\/wp-content\/uploads\/2016\/09\/JG00901535-2.jpg\" data-caption-title=\"Massendkungebung vor dem Pr\u00e4sidentenpalast &quot;La Moneda&quot; nach dem gescheiterte Tanquetazo in Santiago, Chile am 29.06.1973. \nEL Tanquetazo war ein Putschversuch in Chile von Oberst Leutnant Roberto Souper gef\u00fchrt, gegen die Regierung von Pr\u00e4sident Salvador Allende.\" data-attachment-id=\"1051\" data-type=\"image\" class=\"fg-thumb\"><span class=\"fg-image-wrap\"><img decoding=\"async\" title=\"Massendkungebung vor dem Pr\u00e4sidentenpalast &quot;La Moneda&quot; nach dem gescheiterte Tanquetazo in Santiago, Chile am 29.06.1973. \nEL Tanquetazo war ein Putschversuch in Chile von Oberst Leutnant Roberto Souper gef\u00fchrt, gegen die Regierung von Pr\u00e4sident Salvador Allende.\" width=\"150\" height=\"150\" class=\"skip-lazy fg-image\" data-src-fg=\"https:\/\/josegiribas.com\/wp-content\/uploads\/cache\/2016\/09\/JG00901535-2\/776127023.jpg\" src=\"data:image\/svg+xml,%3Csvg%20xmlns%3D%22http%3A%2F%2Fwww.w3.org%2F2000%2Fsvg%22%20width%3D%22150%22%20height%3D%22150%22%20viewBox%3D%220%200%20150%20150%22%3E%3C%2Fsvg%3E\" loading=\"eager\"><\/span><span class=\"fg-image-overlay\"><\/span><\/a><figcaption class=\"fg-caption\"><div class=\"fg-caption-inner\"><div class=\"fg-caption-title\">Massendkungebung vor dem Pr\u00e4sidentenpalast \"La Moneda\" nach dem gescheiterte Tanquetazo in Santiago, Chile am 29.06.1973. \nEL Tanquetazo war ein Putschversuch in Chile von Oberst Leutnant Roberto Souper gef\u00fchrt, gegen die Regierung von Pr\u00e4sident Salvador Allende.<\/div><\/div><\/figcaption><\/figure><div class=\"fg-loader\"><\/div><\/div><\/div>\n\n<hr \/>\n<p><strong>Editionen<\/strong><\/p>\n<p>Die Auflagenst\u00e4rke betr\u00e4gt 15 Bilder + 1 Exemplar f\u00fcr das K\u00fcnstlerarchiv.<\/p>\n<p>Folgende Druckgr\u00f6\u00dfen werden angeboten:<\/p>\n<ul>\n<li>21 x 30 cm\u00a0\u00a0\u00a0\u00a0\u00a0\u00a0\u00a0\u00a0\u00a0\u00a0\u00a0\u00a0\u00a0\u00a0\u00a0\u00a0\u00a0\u00a0\u00a0\u00a0\u00a0\u00a0\u00a0\u00a0\u00a0\u00a0\u00a0\u00a0\u00a0\u00a0 250.- \u20ac + 19% MwSt<\/li>\n<li>30 cm x 40 cm \u00a0 \u00a0 \u00a0 \u00a0 \u00a0 \u00a0 \u00a0 \u00a0\u00a0 400.- \u20ac + 19% MwSt.<\/li>\n<li>60 cm x 80 cm \u00a0\u00a0\u00a0\u00a0\u00a0\u00a0\u00a0\u00a0\u00a0\u00a0\u00a0\u00a0\u00a0\u00a0\u00a0\u00a0\u00a0\u00a0\u00a0 600.- \u20ac + 19% MwSt.<\/li>\n<\/ul>\n<p>Die Bilder werden mit Epson UltraChrome\u00ae Ink auf Hahnem\u00fchle Fine Art Papier (Archival Pigment Print) oder Epson Traditional Photo Paper (Exibition Fiber Paper) gedruckt und werden mit Stempel und Echtheitszertifikat ausgeliefert.<\/p>\n<p>F\u00fcr Anfragen schauen Sie bitte <a href=\"http:\/\/josegiribas.com\/contact\/\" target=\"_blank\" rel=\"noopener\">hier<\/a>.<\/p>\n","protected":false},"excerpt":{"rendered":"<p>Editionen Die Auflagenst\u00e4rke betr\u00e4gt 15 Bilder + 1 Exemplar f\u00fcr das K\u00fcnstlerarchiv. Folgende Druckgr\u00f6\u00dfen werden angeboten: 21 x 30 cm\u00a0\u00a0\u00a0\u00a0\u00a0\u00a0\u00a0\u00a0\u00a0\u00a0\u00a0\u00a0\u00a0\u00a0\u00a0\u00a0\u00a0\u00a0\u00a0\u00a0\u00a0\u00a0\u00a0\u00a0\u00a0\u00a0\u00a0\u00a0\u00a0\u00a0 250.- \u20ac + 19% MwSt 30 cm x 40 cm \u00a0 \u00a0 \u00a0 \u00a0 \u00a0 \u00a0 \u00a0 \u00a0\u00a0 400.- \u20ac + 19% MwSt. 60 cm x 80 cm \u00a0\u00a0\u00a0\u00a0\u00a0\u00a0\u00a0\u00a0\u00a0\u00a0\u00a0\u00a0\u00a0\u00a0\u00a0\u00a0\u00a0\u00a0\u00a0 600.- \u20ac + 19% MwSt. Die&hellip;<\/p>\n","protected":false},"author":1,"featured_media":0,"parent":0,"menu_order":0,"comment_status":"closed","ping_status":"closed","template":"","meta":{"footnotes":""},"class_list":["post-769","page","type-page","status-publish","hentry","no-post-thumbnail","post-grid-3-col","entry"],"translation":{"provider":"WPGlobus","version":"3.0.2","language":"es","enabled_languages":["de","es"],"languages":{"de":{"title":true,"content":true,"excerpt":false},"es":{"title":false,"content":false,"excerpt":false}}},"_links":{"self":[{"href":"https:\/\/josegiribas.com\/es\/wp-json\/wp\/v2\/pages\/769","targetHints":{"allow":["GET"]}}],"collection":[{"href":"https:\/\/josegiribas.com\/es\/wp-json\/wp\/v2\/pages"}],"about":[{"href":"https:\/\/josegiribas.com\/es\/wp-json\/wp\/v2\/types\/page"}],"author":[{"embeddable":true,"href":"https:\/\/josegiribas.com\/es\/wp-json\/wp\/v2\/users\/1"}],"replies":[{"embeddable":true,"href":"https:\/\/josegiribas.com\/es\/wp-json\/wp\/v2\/comments?post=769"}],"version-history":[{"count":19,"href":"https:\/\/josegiribas.com\/es\/wp-json\/wp\/v2\/pages\/769\/revisions"}],"predecessor-version":[{"id":1460,"href":"https:\/\/josegiribas.com\/es\/wp-json\/wp\/v2\/pages\/769\/revisions\/1460"}],"wp:attachment":[{"href":"https:\/\/josegiribas.com\/es\/wp-json\/wp\/v2\/media?parent=769"}],"curies":[{"name":"wp","href":"https:\/\/api.w.org\/{rel}","templated":true}]}}