{"id":763,"date":"2016-09-27T09:26:44","date_gmt":"2016-09-27T09:26:44","guid":{"rendered":"http:\/\/josegiribas.com\/?page_id=763"},"modified":"2016-09-27T09:34:54","modified_gmt":"2016-09-27T09:34:54","slug":"chile","status":"publish","type":"page","link":"https:\/\/josegiribas.com\/es\/unterwegs\/chile\/","title":{"rendered":"Chile"},"content":{"rendered":"<style type=\"text\/css\">\n#foogallery-gallery-750 .fg-image { width: 150px; }\n#foogallery-gallery-750 { --fg-gutter: 10px; }<\/style>\n\t\t\t<div class=\"foogallery foogallery-container foogallery-default foogallery-lightbox-foobox-free fg-center fg-default fg-ready fg-light fg-border-thin fg-shadow-small fg-loading-default fg-loaded-fade-in fg-hover-fade fg-hover-zoom\" id=\"foogallery-gallery-750\" data-foogallery=\"{&quot;item&quot;:{&quot;showCaptionTitle&quot;:true,&quot;showCaptionDescription&quot;:false},&quot;lazy&quot;:true}\" style=\"--fg-title-line-clamp: 0; --fg-description-line-clamp: 0;\" >\n\t<div class=\"fg-item fg-type-image fg-idle\"><figure class=\"fg-item-inner\"><a href=\"https:\/\/josegiribas.com\/wp-content\/uploads\/2016\/09\/Salar_de_Atacama.jpg\" data-caption-title=\"Salar de Atacama in der Atacama Wueste, Chile am 14.01.2001.\" data-attachment-id=\"749\" data-type=\"image\" class=\"fg-thumb\"><span class=\"fg-image-wrap\"><img decoding=\"async\" title=\"Salar de Atacama in der Atacama Wueste, Chile am 14.01.2001.\" width=\"150\" height=\"150\" class=\"skip-lazy fg-image\" data-src-fg=\"https:\/\/josegiribas.com\/wp-content\/uploads\/cache\/2016\/09\/Salar_de_Atacama\/3148502803.jpg\" src=\"data:image\/svg+xml,%3Csvg%20xmlns%3D%22http%3A%2F%2Fwww.w3.org%2F2000%2Fsvg%22%20width%3D%22150%22%20height%3D%22150%22%20viewBox%3D%220%200%20150%20150%22%3E%3C%2Fsvg%3E\" loading=\"eager\"><\/span><span class=\"fg-image-overlay\"><\/span><\/a><figcaption class=\"fg-caption\"><div class=\"fg-caption-inner\"><div class=\"fg-caption-title\">Salar de Atacama in der Atacama Wueste, Chile am 14.01.2001.<\/div><\/div><\/figcaption><\/figure><div class=\"fg-loader\"><\/div><\/div><div class=\"fg-item fg-type-image fg-idle\"><figure class=\"fg-item-inner\"><a href=\"https:\/\/josegiribas.com\/wp-content\/uploads\/2016\/09\/Llanquihue.jpg\" data-caption-title=\"Puerto Varas (Llanquihue-See) in Chile am 10.02.1995.\" data-attachment-id=\"746\" data-type=\"image\" class=\"fg-thumb\"><span class=\"fg-image-wrap\"><img decoding=\"async\" title=\"Puerto Varas (Llanquihue-See) in Chile am 10.02.1995.\" width=\"150\" height=\"150\" class=\"skip-lazy fg-image\" data-src-fg=\"https:\/\/josegiribas.com\/wp-content\/uploads\/cache\/2016\/09\/Llanquihue\/3253852988.jpg\" src=\"data:image\/svg+xml,%3Csvg%20xmlns%3D%22http%3A%2F%2Fwww.w3.org%2F2000%2Fsvg%22%20width%3D%22150%22%20height%3D%22150%22%20viewBox%3D%220%200%20150%20150%22%3E%3C%2Fsvg%3E\" loading=\"eager\"><\/span><span class=\"fg-image-overlay\"><\/span><\/a><figcaption class=\"fg-caption\"><div class=\"fg-caption-inner\"><div class=\"fg-caption-title\">Puerto Varas (Llanquihue-See) in Chile am 10.02.1995.<\/div><\/div><\/figcaption><\/figure><div class=\"fg-loader\"><\/div><\/div><div class=\"fg-item fg-type-image fg-idle\"><figure class=\"fg-item-inner\"><a href=\"https:\/\/josegiribas.com\/wp-content\/uploads\/2016\/09\/JGM14115416.jpg\" data-caption-title=\"Kirche Los Dominicos in Santiago, Chile am 28.11.2014.\" data-attachment-id=\"745\" data-type=\"image\" class=\"fg-thumb\"><span class=\"fg-image-wrap\"><img decoding=\"async\" title=\"Kirche Los Dominicos in Santiago, Chile am 28.11.2014.\" width=\"150\" height=\"150\" class=\"skip-lazy fg-image\" data-src-fg=\"https:\/\/josegiribas.com\/wp-content\/uploads\/cache\/2016\/09\/JGM14115416\/3272920487.jpg\" src=\"data:image\/svg+xml,%3Csvg%20xmlns%3D%22http%3A%2F%2Fwww.w3.org%2F2000%2Fsvg%22%20width%3D%22150%22%20height%3D%22150%22%20viewBox%3D%220%200%20150%20150%22%3E%3C%2Fsvg%3E\" loading=\"eager\"><\/span><span class=\"fg-image-overlay\"><\/span><\/a><figcaption class=\"fg-caption\"><div class=\"fg-caption-inner\"><div class=\"fg-caption-title\">Kirche Los Dominicos in Santiago, Chile am 28.11.2014.<\/div><\/div><\/figcaption><\/figure><div class=\"fg-loader\"><\/div><\/div><div class=\"fg-item fg-type-image fg-idle\"><figure class=\"fg-item-inner\"><a href=\"https:\/\/josegiribas.com\/wp-content\/uploads\/2016\/09\/JGM14114940.jpg\" data-caption-title=\"Mit Graffiti bemalte Mauer in Rahmen des Projektes Museo a Cielo Abierto im Viertel San Miguel in Santiago, Chile am 28.11.2014.\nDas Freilichtmuseum zeigt Wandmalerei bekannte Kuenstlers aus Chile und Suedamerika.\" data-attachment-id=\"744\" data-type=\"image\" class=\"fg-thumb\"><span class=\"fg-image-wrap\"><img decoding=\"async\" title=\"Mit Graffiti bemalte Mauer in Rahmen des Projektes Museo a Cielo Abierto im Viertel San Miguel in Santiago, Chile am 28.11.2014.\nDas Freilichtmuseum zeigt Wandmalerei bekannte Kuenstlers aus Chile und Suedamerika.\" width=\"150\" height=\"150\" class=\"skip-lazy fg-image\" data-src-fg=\"https:\/\/josegiribas.com\/wp-content\/uploads\/cache\/2016\/09\/JGM14114940\/3561507240.jpg\" src=\"data:image\/svg+xml,%3Csvg%20xmlns%3D%22http%3A%2F%2Fwww.w3.org%2F2000%2Fsvg%22%20width%3D%22150%22%20height%3D%22150%22%20viewBox%3D%220%200%20150%20150%22%3E%3C%2Fsvg%3E\" loading=\"eager\"><\/span><span class=\"fg-image-overlay\"><\/span><\/a><figcaption class=\"fg-caption\"><div class=\"fg-caption-inner\"><div class=\"fg-caption-title\">Mit Graffiti bemalte Mauer in Rahmen des Projektes Museo a Cielo Abierto im Viertel San Miguel in Santiago, Chile am 28.11.2014.\nDas Freilichtmuseum zeigt Wandmalerei bekannte Kuenstlers aus Chile und Suedamerika.<\/div><\/div><\/figcaption><\/figure><div class=\"fg-loader\"><\/div><\/div><div class=\"fg-item fg-type-image fg-idle\"><figure class=\"fg-item-inner\"><a href=\"https:\/\/josegiribas.com\/wp-content\/uploads\/2016\/09\/JGM14112291.jpg\" data-caption-title=\"Die Atacama-Wueste in der Naehe von Calama, Chile am 15.11.2014.\nTal des Mondes.\" data-attachment-id=\"743\" data-type=\"image\" class=\"fg-thumb\"><span class=\"fg-image-wrap\"><img decoding=\"async\" title=\"Die Atacama-Wueste in der Naehe von Calama, Chile am 15.11.2014.\nTal des Mondes.\" width=\"150\" height=\"150\" class=\"skip-lazy fg-image\" data-src-fg=\"https:\/\/josegiribas.com\/wp-content\/uploads\/cache\/2016\/09\/JGM14112291\/3490898.jpg\" src=\"data:image\/svg+xml,%3Csvg%20xmlns%3D%22http%3A%2F%2Fwww.w3.org%2F2000%2Fsvg%22%20width%3D%22150%22%20height%3D%22150%22%20viewBox%3D%220%200%20150%20150%22%3E%3C%2Fsvg%3E\" loading=\"eager\"><\/span><span class=\"fg-image-overlay\"><\/span><\/a><figcaption class=\"fg-caption\"><div class=\"fg-caption-inner\"><div class=\"fg-caption-title\">Die Atacama-Wueste in der Naehe von Calama, Chile am 15.11.2014.\nTal des Mondes.<\/div><\/div><\/figcaption><\/figure><div class=\"fg-loader\"><\/div><\/div><div class=\"fg-item fg-type-image fg-idle\"><figure class=\"fg-item-inner\"><a href=\"https:\/\/josegiribas.com\/wp-content\/uploads\/2016\/09\/JGM14112255.jpg\" data-caption-title=\"Die Atacama-Wueste in der Naehe von Calama, Chile am 15.11.2014.\nTal des Mondes.\" data-attachment-id=\"742\" data-type=\"image\" class=\"fg-thumb\"><span class=\"fg-image-wrap\"><img decoding=\"async\" title=\"Die Atacama-Wueste in der Naehe von Calama, Chile am 15.11.2014.\nTal des Mondes.\" width=\"150\" height=\"150\" class=\"skip-lazy fg-image\" data-src-fg=\"https:\/\/josegiribas.com\/wp-content\/uploads\/cache\/2016\/09\/JGM14112255\/3449758987.jpg\" src=\"data:image\/svg+xml,%3Csvg%20xmlns%3D%22http%3A%2F%2Fwww.w3.org%2F2000%2Fsvg%22%20width%3D%22150%22%20height%3D%22150%22%20viewBox%3D%220%200%20150%20150%22%3E%3C%2Fsvg%3E\" loading=\"eager\"><\/span><span class=\"fg-image-overlay\"><\/span><\/a><figcaption class=\"fg-caption\"><div class=\"fg-caption-inner\"><div class=\"fg-caption-title\">Die Atacama-Wueste in der Naehe von Calama, Chile am 15.11.2014.\nTal des Mondes.<\/div><\/div><\/figcaption><\/figure><div class=\"fg-loader\"><\/div><\/div><div class=\"fg-item fg-type-image fg-idle\"><figure class=\"fg-item-inner\"><a href=\"https:\/\/josegiribas.com\/wp-content\/uploads\/2016\/09\/JGM14111997.jpg\" data-caption-title=\"Die Atacama-W\u00fcste in der N\u00e4he von Calama, Chile am 14.11.2014.\" data-attachment-id=\"741\" data-type=\"image\" class=\"fg-thumb\"><span class=\"fg-image-wrap\"><img decoding=\"async\" title=\"Die Atacama-W\u00fcste in der N\u00e4he von Calama, Chile am 14.11.2014.\" width=\"150\" height=\"150\" class=\"skip-lazy fg-image\" data-src-fg=\"https:\/\/josegiribas.com\/wp-content\/uploads\/cache\/2016\/09\/JGM14111997\/595652364.jpg\" src=\"data:image\/svg+xml,%3Csvg%20xmlns%3D%22http%3A%2F%2Fwww.w3.org%2F2000%2Fsvg%22%20width%3D%22150%22%20height%3D%22150%22%20viewBox%3D%220%200%20150%20150%22%3E%3C%2Fsvg%3E\" loading=\"eager\"><\/span><span class=\"fg-image-overlay\"><\/span><\/a><figcaption class=\"fg-caption\"><div class=\"fg-caption-inner\"><div class=\"fg-caption-title\">Die Atacama-W\u00fcste in der N\u00e4he von Calama, Chile am 14.11.2014.<\/div><\/div><\/figcaption><\/figure><div class=\"fg-loader\"><\/div><\/div><div class=\"fg-item fg-type-image fg-idle\"><figure class=\"fg-item-inner\"><a href=\"https:\/\/josegiribas.com\/wp-content\/uploads\/2016\/09\/JGM14111031.jpg\" data-caption-title=\"Valparaiso, Chile am 06.11.2014.\" data-attachment-id=\"740\" data-type=\"image\" class=\"fg-thumb\"><span class=\"fg-image-wrap\"><img decoding=\"async\" title=\"Valparaiso, Chile am 06.11.2014.\" width=\"150\" height=\"150\" class=\"skip-lazy fg-image\" data-src-fg=\"https:\/\/josegiribas.com\/wp-content\/uploads\/cache\/2016\/09\/JGM14111031\/587258728.jpg\" src=\"data:image\/svg+xml,%3Csvg%20xmlns%3D%22http%3A%2F%2Fwww.w3.org%2F2000%2Fsvg%22%20width%3D%22150%22%20height%3D%22150%22%20viewBox%3D%220%200%20150%20150%22%3E%3C%2Fsvg%3E\" loading=\"eager\"><\/span><span class=\"fg-image-overlay\"><\/span><\/a><figcaption class=\"fg-caption\"><div class=\"fg-caption-inner\"><div class=\"fg-caption-title\">Valparaiso, Chile am 06.11.2014.<\/div><\/div><\/figcaption><\/figure><div class=\"fg-loader\"><\/div><\/div><div class=\"fg-item fg-type-image fg-idle\"><figure class=\"fg-item-inner\"><a href=\"https:\/\/josegiribas.com\/wp-content\/uploads\/2016\/09\/JGM14110898.jpg\" data-caption-title=\"La Sebastiana,  das Haus des chilenischen Dichters Pablo Neruda in Valparaiso, Chile am 06.11.2014.\nBlick vom Schlafzimmer Nerudas.\" data-attachment-id=\"739\" data-type=\"image\" class=\"fg-thumb\"><span class=\"fg-image-wrap\"><img decoding=\"async\" title=\"La Sebastiana,  das Haus des chilenischen Dichters Pablo Neruda in Valparaiso, Chile am 06.11.2014.\nBlick vom Schlafzimmer Nerudas.\" width=\"150\" height=\"150\" class=\"skip-lazy fg-image\" data-src-fg=\"https:\/\/josegiribas.com\/wp-content\/uploads\/cache\/2016\/09\/JGM14110898\/3644482681.jpg\" src=\"data:image\/svg+xml,%3Csvg%20xmlns%3D%22http%3A%2F%2Fwww.w3.org%2F2000%2Fsvg%22%20width%3D%22150%22%20height%3D%22150%22%20viewBox%3D%220%200%20150%20150%22%3E%3C%2Fsvg%3E\" loading=\"eager\"><\/span><span class=\"fg-image-overlay\"><\/span><\/a><figcaption class=\"fg-caption\"><div class=\"fg-caption-inner\"><div class=\"fg-caption-title\">La Sebastiana,  das Haus des chilenischen Dichters Pablo Neruda in Valparaiso, Chile am 06.11.2014.\nBlick vom Schlafzimmer Nerudas.<\/div><\/div><\/figcaption><\/figure><div class=\"fg-loader\"><\/div><\/div><div class=\"fg-item fg-type-image fg-idle\"><figure class=\"fg-item-inner\"><a href=\"https:\/\/josegiribas.com\/wp-content\/uploads\/2016\/09\/JGM14110749.jpg\" data-caption-title=\"Immobilie mit Graffitis im Viertel Cerro Alegre in Valparaiso, Chile am 05.11.2014.\" data-attachment-id=\"738\" data-type=\"image\" class=\"fg-thumb\"><span class=\"fg-image-wrap\"><img decoding=\"async\" title=\"Immobilie mit Graffitis im Viertel Cerro Alegre in Valparaiso, Chile am 05.11.2014.\" width=\"150\" height=\"150\" class=\"skip-lazy fg-image\" data-src-fg=\"https:\/\/josegiribas.com\/wp-content\/uploads\/cache\/2016\/09\/JGM14110749\/3120579722.jpg\" src=\"data:image\/svg+xml,%3Csvg%20xmlns%3D%22http%3A%2F%2Fwww.w3.org%2F2000%2Fsvg%22%20width%3D%22150%22%20height%3D%22150%22%20viewBox%3D%220%200%20150%20150%22%3E%3C%2Fsvg%3E\" loading=\"eager\"><\/span><span class=\"fg-image-overlay\"><\/span><\/a><figcaption class=\"fg-caption\"><div class=\"fg-caption-inner\"><div class=\"fg-caption-title\">Immobilie mit Graffitis im Viertel Cerro Alegre in Valparaiso, Chile am 05.11.2014.<\/div><\/div><\/figcaption><\/figure><div class=\"fg-loader\"><\/div><\/div><div class=\"fg-item fg-type-image fg-idle\"><figure class=\"fg-item-inner\"><a href=\"https:\/\/josegiribas.com\/wp-content\/uploads\/2016\/09\/JGM14110283.jpg\" data-caption-title=\"Bucht Portales (Caleta Portales) in Valparaiso, Chile am 04.11.2014.\" data-attachment-id=\"737\" data-type=\"image\" class=\"fg-thumb\"><span class=\"fg-image-wrap\"><img decoding=\"async\" title=\"Bucht Portales (Caleta Portales) in Valparaiso, Chile am 04.11.2014.\" width=\"150\" height=\"150\" class=\"skip-lazy fg-image\" data-src-fg=\"https:\/\/josegiribas.com\/wp-content\/uploads\/cache\/2016\/09\/JGM14110283\/2900577770.jpg\" src=\"data:image\/svg+xml,%3Csvg%20xmlns%3D%22http%3A%2F%2Fwww.w3.org%2F2000%2Fsvg%22%20width%3D%22150%22%20height%3D%22150%22%20viewBox%3D%220%200%20150%20150%22%3E%3C%2Fsvg%3E\" loading=\"eager\"><\/span><span class=\"fg-image-overlay\"><\/span><\/a><figcaption class=\"fg-caption\"><div class=\"fg-caption-inner\"><div class=\"fg-caption-title\">Bucht Portales (Caleta Portales) in Valparaiso, Chile am 04.11.2014.<\/div><\/div><\/figcaption><\/figure><div class=\"fg-loader\"><\/div><\/div><div class=\"fg-item fg-type-image fg-idle\"><figure class=\"fg-item-inner\"><a href=\"https:\/\/josegiribas.com\/wp-content\/uploads\/2016\/09\/JGL06110235.jpg\" data-caption-title=\"Pedro de Valdivia Skulptur in der Plaza de Armas in Santiago, Chile am 30.11.2006.\" data-attachment-id=\"736\" data-type=\"image\" class=\"fg-thumb\"><span class=\"fg-image-wrap\"><img decoding=\"async\" title=\"Pedro de Valdivia Skulptur in der Plaza de Armas in Santiago, Chile am 30.11.2006.\" width=\"150\" height=\"150\" class=\"skip-lazy fg-image\" data-src-fg=\"https:\/\/josegiribas.com\/wp-content\/uploads\/cache\/2016\/09\/JGL06110235\/2985347283.jpg\" src=\"data:image\/svg+xml,%3Csvg%20xmlns%3D%22http%3A%2F%2Fwww.w3.org%2F2000%2Fsvg%22%20width%3D%22150%22%20height%3D%22150%22%20viewBox%3D%220%200%20150%20150%22%3E%3C%2Fsvg%3E\" loading=\"eager\"><\/span><span class=\"fg-image-overlay\"><\/span><\/a><figcaption class=\"fg-caption\"><div class=\"fg-caption-inner\"><div class=\"fg-caption-title\">Pedro de Valdivia Skulptur in der Plaza de Armas in Santiago, Chile am 30.11.2006.<\/div><\/div><\/figcaption><\/figure><div class=\"fg-loader\"><\/div><\/div><div class=\"fg-item fg-type-image fg-idle\"><figure class=\"fg-item-inner\"><a href=\"https:\/\/josegiribas.com\/wp-content\/uploads\/2016\/09\/JG00901030.jpg\" data-caption-title=\"Die Nebelf\u00e4nger von Chungungo, einem Fischerdorfes am Rande der nordchilenischen W\u00fcste, ca. 60 km n\u00f6rdlich von La Serena, Chile am 25. Januar 1995. \r\nDie an den Bergen vom Meer aufsteigenden Nebelschwaden (Camanchaca) werden in Netzen am Berggipfel aufgefangen, und durch Kondensation wird S\u00fc\u00dfwasser gewonnen. Mit dem Projekt &quot;Camanchaca&quot; wird circa 75% des Wasserbedarfs des Dorfes gedeckt.\" data-attachment-id=\"735\" data-type=\"image\" class=\"fg-thumb\"><span class=\"fg-image-wrap\"><img decoding=\"async\" title=\"Die Nebelf\u00e4nger von Chungungo, einem Fischerdorfes am Rande der nordchilenischen W\u00fcste, ca. 60 km n\u00f6rdlich von La Serena, Chile am 25. Januar 1995. \r\nDie an den Bergen vom Meer aufsteigenden Nebelschwaden (Camanchaca) werden in Netzen am Berggipfel aufgefangen, und durch Kondensation wird S\u00fc\u00dfwasser gewonnen. Mit dem Projekt &quot;Camanchaca&quot; wird circa 75% des Wasserbedarfs des Dorfes gedeckt.\" width=\"150\" height=\"150\" class=\"skip-lazy fg-image\" data-src-fg=\"https:\/\/josegiribas.com\/wp-content\/uploads\/cache\/2016\/09\/JG00901030\/1472610124.jpg\" src=\"data:image\/svg+xml,%3Csvg%20xmlns%3D%22http%3A%2F%2Fwww.w3.org%2F2000%2Fsvg%22%20width%3D%22150%22%20height%3D%22150%22%20viewBox%3D%220%200%20150%20150%22%3E%3C%2Fsvg%3E\" loading=\"eager\"><\/span><span class=\"fg-image-overlay\"><\/span><\/a><figcaption class=\"fg-caption\"><div class=\"fg-caption-inner\"><div class=\"fg-caption-title\">Die Nebelf\u00e4nger von Chungungo, einem Fischerdorfes am Rande der nordchilenischen W\u00fcste, ca. 60 km n\u00f6rdlich von La Serena, Chile am 25. Januar 1995. \r\nDie an den Bergen vom Meer aufsteigenden Nebelschwaden (Camanchaca) werden in Netzen am Berggipfel aufgefangen, und durch Kondensation wird S\u00fc\u00dfwasser gewonnen. Mit dem Projekt \"Camanchaca\" wird circa 75% des Wasserbedarfs des Dorfes gedeckt.<\/div><\/div><\/figcaption><\/figure><div class=\"fg-loader\"><\/div><\/div><div class=\"fg-item fg-type-image fg-idle\"><figure class=\"fg-item-inner\"><a href=\"https:\/\/josegiribas.com\/wp-content\/uploads\/2016\/09\/JG00901028.jpg\" data-caption-title=\"Sternwarte La Silla in der N\u00e4he La Serena, Chile am 27.01.1995.\" data-attachment-id=\"734\" data-type=\"image\" class=\"fg-thumb\"><span class=\"fg-image-wrap\"><img decoding=\"async\" title=\"Sternwarte La Silla in der N\u00e4he La Serena, Chile am 27.01.1995.\" width=\"150\" height=\"150\" class=\"skip-lazy fg-image\" data-src-fg=\"https:\/\/josegiribas.com\/wp-content\/uploads\/cache\/2016\/09\/JG00901028\/2940034135.jpg\" src=\"data:image\/svg+xml,%3Csvg%20xmlns%3D%22http%3A%2F%2Fwww.w3.org%2F2000%2Fsvg%22%20width%3D%22150%22%20height%3D%22150%22%20viewBox%3D%220%200%20150%20150%22%3E%3C%2Fsvg%3E\" loading=\"eager\"><\/span><span class=\"fg-image-overlay\"><\/span><\/a><figcaption class=\"fg-caption\"><div class=\"fg-caption-inner\"><div class=\"fg-caption-title\">Sternwarte La Silla in der N\u00e4he La Serena, Chile am 27.01.1995.<\/div><\/div><\/figcaption><\/figure><div class=\"fg-loader\"><\/div><\/div><div class=\"fg-item fg-type-image fg-idle\"><figure class=\"fg-item-inner\"><a href=\"https:\/\/josegiribas.com\/wp-content\/uploads\/2016\/09\/Graffiti1.jpg\" data-caption-title=\"Graffiti gegen die Geheimpolizei der Diktatur (CNI) in Santiago, Chile am 12.08.1988.\" data-attachment-id=\"733\" data-type=\"image\" class=\"fg-thumb\"><span class=\"fg-image-wrap\"><img decoding=\"async\" title=\"Graffiti gegen die Geheimpolizei der Diktatur (CNI) in Santiago, Chile am 12.08.1988.\" width=\"150\" height=\"150\" class=\"skip-lazy fg-image\" data-src-fg=\"https:\/\/josegiribas.com\/wp-content\/uploads\/cache\/2016\/09\/Graffiti1\/1528667917.jpg\" src=\"data:image\/svg+xml,%3Csvg%20xmlns%3D%22http%3A%2F%2Fwww.w3.org%2F2000%2Fsvg%22%20width%3D%22150%22%20height%3D%22150%22%20viewBox%3D%220%200%20150%20150%22%3E%3C%2Fsvg%3E\" loading=\"eager\"><\/span><span class=\"fg-image-overlay\"><\/span><\/a><figcaption class=\"fg-caption\"><div class=\"fg-caption-inner\"><div class=\"fg-caption-title\">Graffiti gegen die Geheimpolizei der Diktatur (CNI) in Santiago, Chile am 12.08.1988.<\/div><\/div><\/figcaption><\/figure><div class=\"fg-loader\"><\/div><\/div><div class=\"fg-item fg-type-image fg-idle\"><figure class=\"fg-item-inner\"><a href=\"https:\/\/josegiribas.com\/wp-content\/uploads\/2016\/09\/Geisers1.jpg\" data-caption-title=\"Geisers del Tatio in der N\u00e4he von San Pedro de Atacama, Chile am 15.01.2001.\" data-attachment-id=\"732\" data-type=\"image\" class=\"fg-thumb\"><span class=\"fg-image-wrap\"><img decoding=\"async\" title=\"Geisers del Tatio in der N\u00e4he von San Pedro de Atacama, Chile am 15.01.2001.\" width=\"150\" height=\"150\" class=\"skip-lazy fg-image\" data-src-fg=\"https:\/\/josegiribas.com\/wp-content\/uploads\/cache\/2016\/09\/Geisers1\/3345418576.jpg\" src=\"data:image\/svg+xml,%3Csvg%20xmlns%3D%22http%3A%2F%2Fwww.w3.org%2F2000%2Fsvg%22%20width%3D%22150%22%20height%3D%22150%22%20viewBox%3D%220%200%20150%20150%22%3E%3C%2Fsvg%3E\" loading=\"eager\"><\/span><span class=\"fg-image-overlay\"><\/span><\/a><figcaption class=\"fg-caption\"><div class=\"fg-caption-inner\"><div class=\"fg-caption-title\">Geisers del Tatio in der N\u00e4he von San Pedro de Atacama, Chile am 15.01.2001.<\/div><\/div><\/figcaption><\/figure><div class=\"fg-loader\"><\/div><\/div><div class=\"fg-item fg-type-image fg-idle\"><figure class=\"fg-item-inner\"><a href=\"https:\/\/josegiribas.com\/wp-content\/uploads\/2016\/09\/Geisers.jpg\" data-caption-title=\"&quot;Geisers del Tatio&quot; in der N\u00e4he von &quot;San Pedro de Atacama&quot;, Chile am 15.01.2001.\" data-attachment-id=\"731\" data-type=\"image\" class=\"fg-thumb\"><span class=\"fg-image-wrap\"><img decoding=\"async\" title=\"&quot;Geisers del Tatio&quot; in der N\u00e4he von &quot;San Pedro de Atacama&quot;, Chile am 15.01.2001.\" width=\"150\" height=\"150\" class=\"skip-lazy fg-image\" data-src-fg=\"https:\/\/josegiribas.com\/wp-content\/uploads\/cache\/2016\/09\/Geisers\/2306758213.jpg\" src=\"data:image\/svg+xml,%3Csvg%20xmlns%3D%22http%3A%2F%2Fwww.w3.org%2F2000%2Fsvg%22%20width%3D%22150%22%20height%3D%22150%22%20viewBox%3D%220%200%20150%20150%22%3E%3C%2Fsvg%3E\" loading=\"eager\"><\/span><span class=\"fg-image-overlay\"><\/span><\/a><figcaption class=\"fg-caption\"><div class=\"fg-caption-inner\"><div class=\"fg-caption-title\">\"Geisers del Tatio\" in der N\u00e4he von \"San Pedro de Atacama\", Chile am 15.01.2001.<\/div><\/div><\/figcaption><\/figure><div class=\"fg-loader\"><\/div><\/div><div class=\"fg-item fg-type-image fg-idle\"><figure class=\"fg-item-inner\"><a href=\"https:\/\/josegiribas.com\/wp-content\/uploads\/2016\/09\/Chuquicamata1.jpg\" data-caption-title=\"Kupfermine &quot;Chuquicamata&quot; in Calama, Chile am 12.01.2001.\r\nDer gr\u00f6\u00dfte Kupfer-Tagebau der Welt.\" data-attachment-id=\"730\" data-type=\"image\" class=\"fg-thumb\"><span class=\"fg-image-wrap\"><img decoding=\"async\" title=\"Kupfermine &quot;Chuquicamata&quot; in Calama, Chile am 12.01.2001.\r\nDer gr\u00f6\u00dfte Kupfer-Tagebau der Welt.\" width=\"150\" height=\"150\" class=\"skip-lazy fg-image\" data-src-fg=\"https:\/\/josegiribas.com\/wp-content\/uploads\/cache\/2016\/09\/Chuquicamata1\/3920580717.jpg\" src=\"data:image\/svg+xml,%3Csvg%20xmlns%3D%22http%3A%2F%2Fwww.w3.org%2F2000%2Fsvg%22%20width%3D%22150%22%20height%3D%22150%22%20viewBox%3D%220%200%20150%20150%22%3E%3C%2Fsvg%3E\" loading=\"eager\"><\/span><span class=\"fg-image-overlay\"><\/span><\/a><figcaption class=\"fg-caption\"><div class=\"fg-caption-inner\"><div class=\"fg-caption-title\">Kupfermine \"Chuquicamata\" in Calama, Chile am 12.01.2001.\r\nDer gr\u00f6\u00dfte Kupfer-Tagebau der Welt.<\/div><\/div><\/figcaption><\/figure><div class=\"fg-loader\"><\/div><\/div><div class=\"fg-item fg-type-image fg-idle\"><figure class=\"fg-item-inner\"><a href=\"https:\/\/josegiribas.com\/wp-content\/uploads\/2016\/09\/JGM14110250.jpg\" data-caption-title=\"Trolley Pullman Standard Modell TC-48, Baujahr 1947 in Betrieb in Valparaiso am 03.11.2014.\r\nDie elektrische Ausr\u00fcstung ist von General Electric (GE).\" data-attachment-id=\"761\" data-type=\"image\" class=\"fg-thumb\"><span class=\"fg-image-wrap\"><img decoding=\"async\" title=\"Trolley Pullman Standard Modell TC-48, Baujahr 1947 in Betrieb in Valparaiso am 03.11.2014.\r\nDie elektrische Ausr\u00fcstung ist von General Electric (GE).\" width=\"150\" height=\"150\" class=\"skip-lazy fg-image\" data-src-fg=\"https:\/\/josegiribas.com\/wp-content\/uploads\/cache\/2016\/09\/JGM14110250\/1565185104.jpg\" src=\"data:image\/svg+xml,%3Csvg%20xmlns%3D%22http%3A%2F%2Fwww.w3.org%2F2000%2Fsvg%22%20width%3D%22150%22%20height%3D%22150%22%20viewBox%3D%220%200%20150%20150%22%3E%3C%2Fsvg%3E\" loading=\"eager\"><\/span><span class=\"fg-image-overlay\"><\/span><\/a><figcaption class=\"fg-caption\"><div class=\"fg-caption-inner\"><div class=\"fg-caption-title\">Trolley Pullman Standard Modell TC-48, Baujahr 1947 in Betrieb in Valparaiso am 03.11.2014.\r\nDie elektrische Ausr\u00fcstung ist von General Electric (GE).<\/div><\/div><\/figcaption><\/figure><div class=\"fg-loader\"><\/div><\/div><div class=\"fg-item fg-type-image fg-idle\"><figure class=\"fg-item-inner\"><a href=\"https:\/\/josegiribas.com\/wp-content\/uploads\/2016\/09\/JGM16110844.jpg\" data-caption-title=\"Chile, Valparaiso, 06.11.2016\nFischsuppe &quot;Paila Marina&quot; in Valparaiso am 06.11.2016.\" data-attachment-id=\"913\" data-type=\"image\" class=\"fg-thumb\"><span class=\"fg-image-wrap\"><img decoding=\"async\" title=\"Chile, Valparaiso, 06.11.2016\nFischsuppe &quot;Paila Marina&quot; in Valparaiso am 06.11.2016.\" width=\"150\" height=\"150\" class=\"skip-lazy fg-image\" data-src-fg=\"https:\/\/josegiribas.com\/wp-content\/uploads\/cache\/2016\/09\/JGM16110844\/72189632.jpg\" src=\"data:image\/svg+xml,%3Csvg%20xmlns%3D%22http%3A%2F%2Fwww.w3.org%2F2000%2Fsvg%22%20width%3D%22150%22%20height%3D%22150%22%20viewBox%3D%220%200%20150%20150%22%3E%3C%2Fsvg%3E\" loading=\"eager\"><\/span><span class=\"fg-image-overlay\"><\/span><\/a><figcaption class=\"fg-caption\"><div class=\"fg-caption-inner\"><div class=\"fg-caption-title\">Chile, Valparaiso, 06.11.2016\nFischsuppe \"Paila Marina\" in Valparaiso am 06.11.2016.<\/div><\/div><\/figcaption><\/figure><div class=\"fg-loader\"><\/div><\/div><div class=\"fg-item fg-type-image fg-idle\"><figure class=\"fg-item-inner\"><a href=\"https:\/\/josegiribas.com\/wp-content\/uploads\/2016\/09\/JGM16103532.jpg\" data-caption-title=\"Osterinsel, Tongariki, 23.10.2016.\r\nTouristen in der archeologischen Anlage Ahu Tongariki in der Osterinsel am 23.10.2016.\r\nMoai werden die kolossalen Steinstatuen der Osterinsel genannt.\r\nDer Ahu Tongariki ist die gr\u00f6\u00dfte, jemals auf der Osterinsel, angelegte Zeremonie-Anlage.\" data-attachment-id=\"912\" data-type=\"image\" class=\"fg-thumb\"><span class=\"fg-image-wrap\"><img decoding=\"async\" title=\"Osterinsel, Tongariki, 23.10.2016.\r\nTouristen in der archeologischen Anlage Ahu Tongariki in der Osterinsel am 23.10.2016.\r\nMoai werden die kolossalen Steinstatuen der Osterinsel genannt.\r\nDer Ahu Tongariki ist die gr\u00f6\u00dfte, jemals auf der Osterinsel, angelegte Zeremonie-Anlage.\" width=\"150\" height=\"150\" class=\"skip-lazy fg-image\" data-src-fg=\"https:\/\/josegiribas.com\/wp-content\/uploads\/cache\/2016\/09\/JGM16103532\/4264484839.jpg\" src=\"data:image\/svg+xml,%3Csvg%20xmlns%3D%22http%3A%2F%2Fwww.w3.org%2F2000%2Fsvg%22%20width%3D%22150%22%20height%3D%22150%22%20viewBox%3D%220%200%20150%20150%22%3E%3C%2Fsvg%3E\" loading=\"eager\"><\/span><span class=\"fg-image-overlay\"><\/span><\/a><figcaption class=\"fg-caption\"><div class=\"fg-caption-inner\"><div class=\"fg-caption-title\">Osterinsel, Tongariki, 23.10.2016.\r\nTouristen in der archeologischen Anlage Ahu Tongariki in der Osterinsel am 23.10.2016.\r\nMoai werden die kolossalen Steinstatuen der Osterinsel genannt.\r\nDer Ahu Tongariki ist die gr\u00f6\u00dfte, jemals auf der Osterinsel, angelegte Zeremonie-Anlage.<\/div><\/div><\/figcaption><\/figure><div class=\"fg-loader\"><\/div><\/div><div class=\"fg-item fg-type-image fg-idle\"><figure class=\"fg-item-inner\"><a href=\"https:\/\/josegiribas.com\/wp-content\/uploads\/2016\/09\/JGM16103473.jpg\" data-caption-title=\"Osterinsel, Rano Raraku, 23.10.2016.\nMoais im Tal am Steinbruch in Rano Raraku in der Osterinsel am 23.10.2016.\nMoai werden die kolossalen Steinstatuen der Osterinsel genannt.\" data-attachment-id=\"911\" data-type=\"image\" class=\"fg-thumb\"><span class=\"fg-image-wrap\"><img decoding=\"async\" title=\"Osterinsel, Rano Raraku, 23.10.2016.\nMoais im Tal am Steinbruch in Rano Raraku in der Osterinsel am 23.10.2016.\nMoai werden die kolossalen Steinstatuen der Osterinsel genannt.\" width=\"150\" height=\"150\" class=\"skip-lazy fg-image\" data-src-fg=\"https:\/\/josegiribas.com\/wp-content\/uploads\/cache\/2016\/09\/JGM16103473\/2879801043.jpg\" src=\"data:image\/svg+xml,%3Csvg%20xmlns%3D%22http%3A%2F%2Fwww.w3.org%2F2000%2Fsvg%22%20width%3D%22150%22%20height%3D%22150%22%20viewBox%3D%220%200%20150%20150%22%3E%3C%2Fsvg%3E\" loading=\"eager\"><\/span><span class=\"fg-image-overlay\"><\/span><\/a><figcaption class=\"fg-caption\"><div class=\"fg-caption-inner\"><div class=\"fg-caption-title\">Osterinsel, Rano Raraku, 23.10.2016.\nMoais im Tal am Steinbruch in Rano Raraku in der Osterinsel am 23.10.2016.\nMoai werden die kolossalen Steinstatuen der Osterinsel genannt.<\/div><\/div><\/figcaption><\/figure><div class=\"fg-loader\"><\/div><\/div><div class=\"fg-item fg-type-image fg-idle\"><figure class=\"fg-item-inner\"><a href=\"https:\/\/josegiribas.com\/wp-content\/uploads\/2016\/09\/JGM16103456.jpg\" data-caption-title=\"Osterinsel, Rano Raraku, 23.10.2016.\nTal am Steinbruch Rano Raraku in der Osterinsel am 23.10.2016.\" data-attachment-id=\"910\" data-type=\"image\" class=\"fg-thumb\"><span class=\"fg-image-wrap\"><img decoding=\"async\" title=\"Osterinsel, Rano Raraku, 23.10.2016.\nTal am Steinbruch Rano Raraku in der Osterinsel am 23.10.2016.\" width=\"150\" height=\"150\" class=\"skip-lazy fg-image\" data-src-fg=\"https:\/\/josegiribas.com\/wp-content\/uploads\/cache\/2016\/09\/JGM16103456\/1650785414.jpg\" src=\"data:image\/svg+xml,%3Csvg%20xmlns%3D%22http%3A%2F%2Fwww.w3.org%2F2000%2Fsvg%22%20width%3D%22150%22%20height%3D%22150%22%20viewBox%3D%220%200%20150%20150%22%3E%3C%2Fsvg%3E\" loading=\"eager\"><\/span><span class=\"fg-image-overlay\"><\/span><\/a><figcaption class=\"fg-caption\"><div class=\"fg-caption-inner\"><div class=\"fg-caption-title\">Osterinsel, Rano Raraku, 23.10.2016.\nTal am Steinbruch Rano Raraku in der Osterinsel am 23.10.2016.<\/div><\/div><\/figcaption><\/figure><div class=\"fg-loader\"><\/div><\/div><\/div>\n\n","protected":false},"excerpt":{"rendered":"","protected":false},"author":1,"featured_media":0,"parent":584,"menu_order":0,"comment_status":"closed","ping_status":"closed","template":"","meta":{"footnotes":""},"class_list":["post-763","page","type-page","status-publish","hentry","no-post-thumbnail","post-grid-3-col","entry"],"translation":{"provider":"WPGlobus","version":"3.0.2","language":"es","enabled_languages":["de","es"],"languages":{"de":{"title":true,"content":true,"excerpt":false},"es":{"title":false,"content":false,"excerpt":false}}},"_links":{"self":[{"href":"https:\/\/josegiribas.com\/es\/wp-json\/wp\/v2\/pages\/763","targetHints":{"allow":["GET"]}}],"collection":[{"href":"https:\/\/josegiribas.com\/es\/wp-json\/wp\/v2\/pages"}],"about":[{"href":"https:\/\/josegiribas.com\/es\/wp-json\/wp\/v2\/types\/page"}],"author":[{"embeddable":true,"href":"https:\/\/josegiribas.com\/es\/wp-json\/wp\/v2\/users\/1"}],"replies":[{"embeddable":true,"href":"https:\/\/josegiribas.com\/es\/wp-json\/wp\/v2\/comments?post=763"}],"version-history":[{"count":2,"href":"https:\/\/josegiribas.com\/es\/wp-json\/wp\/v2\/pages\/763\/revisions"}],"predecessor-version":[{"id":1025,"href":"https:\/\/josegiribas.com\/es\/wp-json\/wp\/v2\/pages\/763\/revisions\/1025"}],"up":[{"embeddable":true,"href":"https:\/\/josegiribas.com\/es\/wp-json\/wp\/v2\/pages\/584"}],"wp:attachment":[{"href":"https:\/\/josegiribas.com\/es\/wp-json\/wp\/v2\/media?parent=763"}],"curies":[{"name":"wp","href":"https:\/\/api.w.org\/{rel}","templated":true}]}}